{"id":8453,"date":"2025-07-07T19:52:34","date_gmt":"2025-07-07T19:52:34","guid":{"rendered":"https:\/\/www.orynycz.com\/felhasznalasi-feltetelek\/"},"modified":"2026-03-25T07:33:01","modified_gmt":"2026-03-25T07:33:01","slug":"feltetelek","status":"publish","type":"page","link":"https:\/\/www.orynycz.com\/hu\/szabalyzatok\/feltetelek\/","title":{"rendered":"Felhaszn\u00e1l\u00e1si felt\u00e9telek"},"content":{"rendered":"\n<p>Utolj\u00e1ra friss\u00edtve: 2026. febru\u00e1r 6.<\/p>\n\n<div class=\"wp-block-yoast-seo-table-of-contents yoast-table-of-contents\"><h2>Tartalomjegyz\u00e9k<\/h2><ul><li><a href=\"#h-use-of-the-service\" data-level=\"2\">A szolg\u00e1ltat\u00e1s haszn\u00e1lata<\/a><\/li><li><a href=\"#h-acceptable-use\" data-level=\"2\">Elfogadhat\u00f3 haszn\u00e1lat<\/a><\/li><li><a href=\"#h-plans-and-paid-features\" data-level=\"2\">Csomagok \u00e9s fizet\u0151s funkci\u00f3k<\/a><\/li><li><a href=\"#h-payments-cancellation-and-refunds\" data-level=\"2\">Fizet\u00e9sek, lemond\u00e1s \u00e9s visszat\u00e9r\u00edt\u00e9sek<\/a><\/li><li><a href=\"#h-sanctions-and-restricted-jurisdictions\" data-level=\"2\">Szankci\u00f3k \u00e9s korl\u00e1tozott joghat\u00f3s\u00e1gok<\/a><\/li><li><a href=\"#h-intellectual-property\" data-level=\"2\">Szellemi tulajdon<\/a><\/li><li><a href=\"#h-links-to-other-websites\" data-level=\"2\">Hivatkoz\u00e1sok m\u00e1s weboldalakra<\/a><\/li><li><a href=\"#h-termination\" data-level=\"2\">Megsz\u00fcntet\u00e9s<\/a><\/li><li><a href=\"#h-disclaimers\" data-level=\"2\">Jogi nyilatkozatok<\/a><\/li><li><a href=\"#h-limitation-of-liability\" data-level=\"2\">Felel\u0151ss\u00e9g korl\u00e1toz\u00e1sa<\/a><\/li><li><a href=\"#h-governing-law\" data-level=\"2\">Ir\u00e1nyad\u00f3 jog<\/a><\/li><li><a href=\"#h-changes\" data-level=\"2\">M\u00f3dos\u00edt\u00e1sok<\/a><\/li><li><a href=\"#h-contact-us\" data-level=\"2\">Kapcsolat<\/a><\/li><\/ul><\/div>\n\n<p>K\u00e9rj\u00fck, figyelmesen olvassa el ezeket a Felhaszn\u00e1l\u00e1si Felt\u00e9teleket (\u201eFelt\u00e9telek\u201d), miel\u0151tt haszn\u00e1ln\u00e1 az Orynycz.com weboldalt a https:\/\/www.orynycz.com c\u00edmen (\u201eSzolg\u00e1ltat\u00e1s\u201d).<\/p>\n\n<p>Az Orynycz.com tulajdonosa \u00e9s \u00fczemeltet\u0151je Petro Orynycz (\u201emi\u201d).<\/p>\n\n<p>A Szolg\u00e1ltat\u00e1s el\u00e9r\u00e9s\u00e9vel vagy haszn\u00e1lat\u00e1val \u00d6n elfogadja, hogy k\u00f6telez\u0151 \u00e9rv\u00e9ny\u0171ek \u00d6nre n\u00e9zve ezek a Felt\u00e9telek. Ha nem \u00e9rt egyet a Felt\u00e9telek b\u00e1rmely r\u00e9sz\u00e9vel, akkor nem f\u00e9rhet hozz\u00e1 \u00e9s nem haszn\u00e1lhatja a Szolg\u00e1ltat\u00e1st. <\/p>\n\n<h2 class=\"wp-block-heading\" id=\"h-use-of-the-service\">A szolg\u00e1ltat\u00e1s haszn\u00e1lata<\/h2>\n\n<p>Pontos, aktu\u00e1lis \u00e9s teljes regisztr\u00e1ci\u00f3s \u00e9s sz\u00e1ml\u00e1z\u00e1si adatokat kell megadnod.<\/p>\n\n<p>Felel\u0151s vagy a Szolg\u00e1ltat\u00e1s haszn\u00e1lat\u00e1\u00e9rt \u00e9s a fi\u00f3kod alatt (adott esetben) v\u00e9gzett b\u00e1rmilyen tev\u00e9kenys\u00e9g\u00e9rt. Meg kell \u0151rizned a fi\u00f3kod hiteles\u00edt\u0151 adatainak titkoss\u00e1g\u00e1t.  Azonnal \u00e9rtes\u00edtened kell minket a fi\u00f3kod b\u00e1rmilyen jogosulatlan haszn\u00e1lat\u00e1r\u00f3l.<\/p>\n\n<h2 class=\"wp-block-heading\" id=\"h-acceptable-use\">Elfogadhat\u00f3 haszn\u00e1lat<\/h2>\n\n<p>\u00d6n beleegyezik, hogy nem fogja, \u00e9s nem is k\u00eds\u00e9rli meg:<\/p>\n\n<ul class=\"wp-block-list\">\n<li>hozz\u00e1f\u00e9rni, felt\u00e9rk\u00e9pezni, szkennelni vagy tesztelni a Szolg\u00e1ltat\u00e1s vagy rendszereinek sebezhet\u0151s\u00e9g\u00e9t;<\/li>\n\n\n\n<li>megker\u00fclni vagy kij\u00e1tszani a hozz\u00e1f\u00e9r\u00e9s-szab\u00e1lyoz\u00e1sokat, sebess\u00e9gkorl\u00e1tokat vagy biztons\u00e1gi int\u00e9zked\u00e9seket;<\/li>\n\n\n\n<li>adatokat kaparni, gy\u0171jteni vagy begy\u0171jteni a Szolg\u00e1ltat\u00e1sb\u00f3l oly m\u00f3don, amely k\u00e1ros\u00edtja, terheli vagy zavarja a Szolg\u00e1ltat\u00e1st;<\/li>\n\n\n\n<li>visszafejteni, dekompil\u00e1lni vagy megk\u00eds\u00e9relni kinyerni a forr\u00e1sk\u00f3dot, modelleket, promptokat vagy alapul szolg\u00e1l\u00f3 m\u00f3dszereket a Szolg\u00e1ltat\u00e1sb\u00f3l (kiv\u00e9ve, ha az ilyen korl\u00e1toz\u00e1st t\u00f6rv\u00e9ny tiltja);<\/li>\n\n\n\n<li>haszn\u00e1lni a Szolg\u00e1ltat\u00e1st rosszindulat\u00fa szoftver, spam vagy egy\u00e9b k\u00e1ros tartalom tov\u00e1bb\u00edt\u00e1s\u00e1ra;<\/li>\n\n\n\n<li>m\u00e1s szem\u00e9lynek adod ki magad, vagy hamisan t\u00fcnteted fel a hovatartoz\u00e1sodat;<\/li>\n\n\n\n<li>a Szolg\u00e1ltat\u00e1st b\u00e1rmilyen vonatkoz\u00f3 t\u00f6rv\u00e9ny megs\u00e9rt\u00e9s\u00e9re haszn\u00e1lni;<\/li>\n\n\n\n<li>\u00e9rz\u00e9keny szem\u00e9lyes adatokat adsz meg (pl. korm\u00e1nyzati azonos\u00edt\u00f3 sz\u00e1mok, p\u00e9nz\u00fcgyi sz\u00e1mlaadatok vagy orvosi inform\u00e1ci\u00f3k), hacsak kifejezetten m\u00e1sk\u00e9nt nem jelezz\u00fck.<\/li>\n<\/ul>\n\n<h2 class=\"wp-block-heading\" id=\"h-plans-and-paid-features\">Csomagok \u00e9s fizet\u0151s funkci\u00f3k<\/h2>\n\n<p>Ha megv\u00e1s\u00e1rolod, hozz\u00e1f\u00e9rsz vagy haszn\u00e1lod az Orynycz.com b\u00e1rmely csomagj\u00e1t vagy fizet\u0151s funkci\u00f3j\u00e1t (bele\u00e9rtve az el\u0151fizet\u00e9seket, digit\u00e1lis let\u00f6lt\u00e9seket \u00e9s \u00f6nkiszolg\u00e1l\u00f3 online kurzusokat), beleegyezel, hogy kiz\u00e1r\u00f3lag jogszer\u0171 c\u00e9lokra haszn\u00e1lod \u0151ket, \u00e9s a jelen Felt\u00e9teleknek megfelel\u0151en. Nem haszn\u00e1lhatod vissza a Szolg\u00e1ltat\u00e1st, nem ker\u00fclheted meg a korl\u00e1tokat, nem kaparhatsz le, nem vonhatsz ki vagy gy\u0171jthetsz adatokat (bele\u00e9rtve az automatiz\u00e1l\u00e1st is), \u00e9s nem fejtheted vissza a platform egyetlen r\u00e9sz\u00e9t sem (bele\u00e9rtve a promptokat, modelleket vagy az alapul szolg\u00e1l\u00f3 m\u00f3dszereket). Felf\u00fcggeszthetj\u00fck vagy megsz\u00fcntethetj\u00fck a hozz\u00e1f\u00e9r\u00e9st vissza\u00e9l\u00e9s, szab\u00e1lyzats\u00e9rt\u00e9s vagy felt\u00e9telezett csal\u00e1s eset\u00e9n. A funkci\u00f3k, korl\u00e1tok, tartalom, \u00e1raz\u00e1s \u00e9s el\u00e9rhet\u0151s\u00e9g id\u0151vel v\u00e1ltozhat.   <\/p>\n\n<p>A csomagok hozz\u00e1f\u00e9r\u00e9st biztos\u00edtanak a Szolg\u00e1ltat\u00e1shoz \u00e9s annak funkci\u00f3ihoz; semmilyen csomag r\u00e9szek\u00e9nt nem ny\u00fajtunk tan\u00e1csad\u00e1si vagy megval\u00f3s\u00edt\u00e1si szolg\u00e1ltat\u00e1sokat.<\/p>\n\n<h2 class=\"wp-block-heading\" id=\"h-payments-cancellation-and-refunds\">Fizet\u00e9sek, lemond\u00e1s \u00e9s visszat\u00e9r\u00edt\u00e9sek<\/h2>\n\n<p>Ha el\u0151fizet\u00e9st vagy m\u00e1s fizet\u0151s term\u00e9ket\/funkci\u00f3t v\u00e1s\u00e1rolsz, beleegyezel, hogy pontos sz\u00e1ml\u00e1z\u00e1si adatokat adsz meg, \u00e9s felhatalmazol minket (vagy fizet\u00e9sfeldolgoz\u00f3nkat) a vonatkoz\u00f3 d\u00edjak \u00e9s ad\u00f3k felsz\u00e1m\u00edt\u00e1s\u00e1ra.<\/p>\n\n<p>\u00d6n b\u00e1rmikor lemondhatja. Elt\u00e9r\u0151 rendelkez\u00e9s hi\u00e1ny\u00e1ban a lemond\u00e1s az aktu\u00e1lis sz\u00e1ml\u00e1z\u00e1si id\u0151szak v\u00e9g\u00e9n l\u00e9p \u00e9letbe. <\/p>\n\n<p>A visszat\u00e9r\u00edt\u00e9seket a <a href=\"https:\/\/www.orynycz.com\/hu\/szabalyzatok\/visszaterites\/\" type=\"page\" id=\"8457\">Visszat\u00e9r\u00edt\u00e9si Szab\u00e1lyzatunk<\/a> szab\u00e1lyozza, \u00e9s a fizet\u00e9si szolg\u00e1ltat\u00f3 vitarendez\u00e9si \u00e9s visszaterhel\u00e9si szab\u00e1lyainak is al\u00e1vethet\u0151k.<\/p>\n\n<h2 class=\"wp-block-heading\" id=\"h-sanctions-and-restricted-jurisdictions\">Szankci\u00f3k \u00e9s korl\u00e1tozott joghat\u00f3s\u00e1gok<\/h2>\n\n<p>Nem haszn\u00e1lhatod a Szolg\u00e1ltat\u00e1st, ha ezzel megs\u00e9rten\u00e9d a vonatkoz\u00f3 szankci\u00f3kat, exportellen\u0151rz\u00e9si szab\u00e1lyokat, fizet\u00e9si szolg\u00e1ltat\u00f3k szab\u00e1lyait vagy egy\u00e9b jogszab\u00e1lyokat. Nem f\u00e9rhetsz hozz\u00e1 a Szolg\u00e1ltat\u00e1shoz \u00e9s nem haszn\u00e1lhatod azt tiltott joghat\u00f3s\u00e1gb\u00f3l, blokkolt vagy szankcion\u00e1lt szem\u00e9ly nev\u00e9ben, vagy b\u00e1rmilyen vonatkoz\u00f3 korl\u00e1toz\u00e1s megs\u00e9rt\u00e9s\u00e9vel. Korl\u00e1tozott regisztr\u00e1ci\u00f3s vagy tranzakci\u00f3s adatokat ellen\u0151rizhet\u00fcnk megfelel\u0151s\u00e9gi c\u00e9lokb\u00f3l, \u00e9s megtagadhatjuk, felf\u00fcggeszthetj\u00fck, korl\u00e1tozhatjuk vagy megsz\u00fcntethetj\u00fck a hozz\u00e1f\u00e9r\u00e9st, ahol ez \u00e9sszer\u0171en sz\u00fcks\u00e9ges a jogi k\u00f6vetelm\u00e9nyek, a fizet\u00e9si szolg\u00e1ltat\u00f3k szab\u00e1lyainak, a csal\u00e1smegel\u0151z\u00e9snek vagy a biztons\u00e1gi ig\u00e9nyeknek val\u00f3 megfelel\u00e9s \u00e9rdek\u00e9ben. Az OFAC kock\u00e1zatalap\u00fa megfelel\u0151s\u00e9gi megk\u00f6zel\u00edt\u00e9st javasol, \u00e9s figyelembe veheti egy ilyen program l\u00e9tez\u00e9s\u00e9t \u00e9s megfelel\u0151s\u00e9g\u00e9t a nyilv\u00e1nval\u00f3 jogs\u00e9rt\u00e9sek \u00e9rt\u00e9kel\u00e9sekor.   <\/p>\n\n<h2 class=\"wp-block-heading\" id=\"h-intellectual-property\">Szellemi tulajdon<\/h2>\n\n<p>A Szolg\u00e1ltat\u00e1s, annak eredeti tartalma, funkci\u00f3i \u00e9s m\u0171k\u00f6d\u00e9se az Orynycz.com \u00e9s licencad\u00f3i kiz\u00e1r\u00f3lagos tulajdon\u00e1t k\u00e9pezi \u00e9s k\u00e9pezni is fogja. Tilos a Szolg\u00e1ltat\u00e1s b\u00e1rmely r\u00e9sz\u00e9t m\u00e1solni, m\u00f3dos\u00edtani, terjeszteni, \u00e9rt\u00e9kes\u00edteni vagy b\u00e9rbe adni, kiv\u00e9ve, ha azt \u00edr\u00e1sban kifejezetten enged\u00e9lyezz\u00fck. <\/p>\n\n<h2 class=\"wp-block-heading\" id=\"h-links-to-other-websites\">Hivatkoz\u00e1sok m\u00e1s weboldalakra<\/h2>\n\n<p>A Szolg\u00e1ltat\u00e1s tartalmazhat hivatkoz\u00e1sokat harmadik felek weboldalaira vagy szolg\u00e1ltat\u00e1saira, amelyek nem a mi tulajdonunkban vagy ellen\u0151rz\u00e9s\u00fcnk alatt \u00e1llnak. Nem v\u00e1llalunk felel\u0151ss\u00e9get semmilyen harmadik f\u00e9l weboldal\u00e1nak vagy szolg\u00e1ltat\u00e1s\u00e1nak tartalm\u00e1\u00e9rt, adatv\u00e9delmi ir\u00e1nyelvei\u00e9rt vagy gyakorlat\u00e1\u00e9rt. \u00d6n tudom\u00e1sul veszi \u00e9s elfogadja, hogy nem vagyunk felel\u0151sek vagy felel\u0151ss\u00e9gre vonhat\u00f3k, sem k\u00f6zvetlen\u00fcl, sem k\u00f6zvetve, semmilyen k\u00e1r\u00e9rt vagy vesztes\u00e9g\u00e9rt, amelyet az ilyen tartalom, \u00e1ruk vagy szolg\u00e1ltat\u00e1sok haszn\u00e1lata vagy az azokra val\u00f3 t\u00e1maszkod\u00e1s okozott vagy \u00e1ll\u00edt\u00f3lagosan okozott, vagy azzal \u00f6sszef\u00fcgg\u00e9sben keletkezett.  <\/p>\n\n<p>Nyomat\u00e9kosan javasoljuk \u00d6nnek, hogy olvassa el a felt\u00e9teleket \u00e9s az adatv\u00e9delmi ir\u00e1nyelveket minden olyan harmadik f\u00e9l weboldal\u00e1n vagy szolg\u00e1ltat\u00e1s\u00e1n, amelyet felkeres.<\/p>\n\n<h2 class=\"wp-block-heading\" id=\"h-termination\">Megsz\u00fcntet\u00e9s<\/h2>\n\n<p>A t\u00f6rv\u00e9ny \u00e1ltal megengedett m\u00e9rt\u00e9kben b\u00e1rmilyen okb\u00f3l megsz\u00fcntethetj\u00fck vagy felf\u00fcggeszthetj\u00fck a Szolg\u00e1ltat\u00e1shoz val\u00f3 hozz\u00e1f\u00e9r\u00e9sedet, bele\u00e9rtve azt is, ha megszeged ezeket a Felt\u00e9teleket.<\/p>\n\n<p>A Felt\u00e9telek minden olyan rendelkez\u00e9se, amely term\u00e9szet\u00e9n\u00e9l fogva t\u00fal kell \u00e9lnie a felmond\u00e1st, t\u00fal is \u00e9li a felmond\u00e1st, bele\u00e9rtve a tulajdonjogi rendelkez\u00e9seket, a garancia kiz\u00e1r\u00e1s\u00e1t, a k\u00e1rtalan\u00edt\u00e1st \u00e9s a felel\u0151ss\u00e9g korl\u00e1toz\u00e1s\u00e1t.<\/p>\n\n<h2 class=\"wp-block-heading\" id=\"h-disclaimers\">Jogi nyilatkozatok<\/h2>\n\n<p>A Szolg\u00e1ltat\u00e1s haszn\u00e1lata kiz\u00e1r\u00f3lag az \u00d6n kock\u00e1zat\u00e1ra t\u00f6rt\u00e9nik. A Szolg\u00e1ltat\u00e1s \u201eAHOGY VAN\u201d \u00e9s \u201eAHOGY EL\u00c9RHET\u0150\u201d alapon ker\u00fcl biztos\u00edt\u00e1sra, mindenf\u00e9le kifejezett vagy hallgat\u00f3lagos garancia n\u00e9lk\u00fcl, bele\u00e9rtve az eladhat\u00f3s\u00e1gra, egy adott c\u00e9lra val\u00f3 alkalmass\u00e1gra, a jogs\u00e9rt\u00e9smentess\u00e9gre vagy a teljes\u00edt\u00e9s menet\u00e9re vonatkoz\u00f3 hallgat\u00f3lagos garanci\u00e1kat. <\/p>\n\n<p>Nem garant\u00e1ljuk, hogy a Szolg\u00e1ltat\u00e1s zavartalan, hibamentes vagy mindig el\u00e9rhet\u0151 lesz. Az eredm\u00e9nyek t\u00e1j\u00e9koztat\u00f3 jelleg\u0171ek, \u00e9s hib\u00e1kat tartalmazhatnak. Te felelsz az\u00e9rt, hogyan haszn\u00e1lod \u0151ket.  <\/p>\n\n<p>A Szolg\u00e1ltat\u00e1s harmadik f\u00e9lt\u0151l sz\u00e1rmaz\u00f3 szolg\u00e1ltat\u00e1sokra t\u00e1maszkodhat. Nem vagyunk felel\u0151sek ezen szolg\u00e1ltat\u00e1sok kies\u00e9s\u00e9\u00e9rt vagy v\u00e1ltoz\u00e1sai\u00e9rt. <\/p>\n\n<p>Kijelented \u00e9s szavatolod, hogy jogod van b\u00e1rmilyen tartalmat bek\u00fcldeni, amit a Szolg\u00e1ltat\u00e1snak biztos\u00edtasz.<\/p>\n\n<h2 class=\"wp-block-heading\" id=\"h-limitation-of-liability\">Felel\u0151ss\u00e9g korl\u00e1toz\u00e1sa<\/h2>\n\n<p>A t\u00f6rv\u00e9ny \u00e1ltal megengedett legnagyobb m\u00e9rt\u00e9kben nem v\u00e1llalunk felel\u0151ss\u00e9get semmilyen k\u00f6zvetett, v\u00e9letlen, k\u00fcl\u00f6nleges, k\u00f6vetkezm\u00e9nyes vagy b\u00fcntet\u0151 jelleg\u0171 k\u00e1r\u00e9rt, vagy nyeres\u00e9g, bev\u00e9tel, adat, haszn\u00e1lat, j\u00f3h\u00edrn\u00e9v vagy egy\u00e9b immateri\u00e1lis vesztes\u00e9g elveszt\u00e9s\u00e9\u00e9rt, amely a Szolg\u00e1ltat\u00e1shoz val\u00f3 hozz\u00e1f\u00e9r\u00e9s\u00e9b\u0151l vagy annak haszn\u00e1lat\u00e1b\u00f3l (vagy a hozz\u00e1f\u00e9r\u00e9s vagy haszn\u00e1lat k\u00e9ptelens\u00e9g\u00e9b\u0151l) ered.<\/p>\n\n<h2 class=\"wp-block-heading\" id=\"h-governing-law\">Ir\u00e1nyad\u00f3 jog<\/h2>\n\n<p>Ezen Felt\u00e9telekre Maryland \u00e1llam t\u00f6rv\u00e9nyei \u00e9s az alkalmazand\u00f3 Egyes\u00fclt \u00c1llamokbeli sz\u00f6vets\u00e9gi jog az ir\u00e1nyad\u00f3 \u00e9s azok szerint \u00e9rtelmezend\u0151k, a koll\u00edzi\u00f3s jogi szab\u00e1lyok figyelembev\u00e9tele n\u00e9lk\u00fcl.<\/p>\n\n<p>Ezen Felt\u00e9telekb\u0151l ered\u0151 b\u00e1rmely vita kiz\u00e1r\u00f3lag a Marylandben m\u0171k\u00f6d\u0151 \u00e1llami vagy sz\u00f6vets\u00e9gi b\u00edr\u00f3s\u00e1gok el\u00e9 terjeszthet\u0151, \u00e9s az illet\u00e9kess\u00e9g ott van meg\u00e1llap\u00edtva.<\/p>\n\n<p>Ezek a Felt\u00e9telek nem korl\u00e1tozz\u00e1k azokat a fogyaszt\u00f3i jogokat, amelyek az alkalmazand\u00f3 jog szerint nem mondhat\u00f3k fel.<\/p>\n\n<h2 class=\"wp-block-heading\" id=\"h-changes\">M\u00f3dos\u00edt\u00e1sok<\/h2>\n\n<p>Fenntartjuk a jogot, hogy saj\u00e1t bel\u00e1t\u00e1sunk szerint, b\u00e1rmikor m\u00f3dos\u00edtsuk vagy fel\u00fcl\u00edrjuk ezeket a Felt\u00e9teleket. Ha egy m\u00f3dos\u00edt\u00e1s l\u00e9nyeges, megpr\u00f3b\u00e1lunk legal\u00e1bb 15 napos \u00e9rtes\u00edt\u00e9st adni, miel\u0151tt b\u00e1rmely \u00faj felt\u00e9tel hat\u00e1lyba l\u00e9pne. <\/p>\n\n<p>A Szolg\u00e1ltat\u00e1s tov\u00e1bbi el\u00e9r\u00e9s\u00e9vel vagy haszn\u00e1lat\u00e1val a v\u00e1ltoz\u00e1sok hat\u00e1lyba l\u00e9p\u00e9se ut\u00e1n \u00d6n elfogadja, hogy k\u00f6telez\u0151 \u00e9rv\u00e9ny\u0171ek \u00d6nre n\u00e9zve a fel\u00fclvizsg\u00e1lt Felt\u00e9telek. Ha nem \u00e9rt egyet az \u00faj Felt\u00e9telekkel, k\u00e9rj\u00fck, hagyja abba a Szolg\u00e1ltat\u00e1s haszn\u00e1lat\u00e1t. <\/p>\n\n<h2 class=\"wp-block-heading\" id=\"h-contact-us\">Kapcsolat<\/h2>\n\n<p>Ha b\u00e1rmilyen k\u00e9rd\u00e9se van ezekkel a Felt\u00e9telekkel kapcsolatban, k\u00e9rj\u00fck, vegye fel vel\u00fcnk a kapcsolatot a webhely\u00fcnk <a href=\"https:\/\/www.orynycz.com\/hu\/kapcsolat\/\" type=\"page\" id=\"11203\">Kapcsolat<\/a> oldal\u00e1n kereszt\u00fcl.<\/p>\n","protected":false},"excerpt":{"rendered":"<p>Utolj\u00e1ra friss\u00edtve: 2026. febru\u00e1r 6. K\u00e9rj\u00fck, figyelmesen olvassa el ezeket a Felhaszn\u00e1l\u00e1si Felt\u00e9teleket (\u201eFelt\u00e9telek\u201d), miel\u0151tt haszn\u00e1ln\u00e1 az Orynycz.com weboldalt a https:\/\/www.orynycz.com c\u00edmen (\u201eSzolg\u00e1ltat\u00e1s\u201d). Az Orynycz.com tulajdonosa \u00e9s \u00fczemeltet\u0151je Petro Orynycz (\u201emi\u201d). A Szolg\u00e1ltat\u00e1s el\u00e9r\u00e9s\u00e9vel vagy haszn\u00e1lat\u00e1val \u00d6n elfogadja, hogy k\u00f6telez\u0151 \u00e9rv\u00e9ny\u0171ek \u00d6nre n\u00e9zve ezek a Felt\u00e9telek. Ha nem \u00e9rt egyet a Felt\u00e9telek b\u00e1rmely r\u00e9sz\u00e9vel, akkor [&hellip;]<\/p>\n","protected":false},"author":2,"featured_media":0,"parent":10236,"menu_order":0,"comment_status":"closed","ping_status":"closed","template":"","meta":{"inline_featured_image":false,"footnotes":""},"class_list":["post-8453","page","type-page","status-publish","hentry"],"yoast_head":"<!-- This site is optimized with the Yoast SEO Premium plugin v27.3 (Yoast SEO v27.4) - https:\/\/yoast.com\/product\/yoast-seo-premium-wordpress\/ -->\n<title>Felhaszn\u00e1l\u00e1si felt\u00e9telek | Orynycz Petro<\/title>\n<meta name=\"robots\" content=\"index, follow, max-snippet:-1, max-image-preview:large, max-video-preview:-1\" \/>\n<link rel=\"canonical\" href=\"https:\/\/www.orynycz.com\/hu\/szabalyzatok\/feltetelek\/\" \/>\n<meta property=\"og:locale\" content=\"hu_HU\" \/>\n<meta property=\"og:type\" content=\"article\" \/>\n<meta property=\"og:title\" content=\"Felhaszn\u00e1l\u00e1si felt\u00e9telek\" \/>\n<meta property=\"og:description\" content=\"Utolj\u00e1ra friss\u00edtve: 2026. febru\u00e1r 6. K\u00e9rj\u00fck, figyelmesen olvassa el ezeket a Felhaszn\u00e1l\u00e1si Felt\u00e9teleket (\u201eFelt\u00e9telek\u201d), miel\u0151tt haszn\u00e1ln\u00e1 az Orynycz.com weboldalt a https:\/\/www.orynycz.com c\u00edmen (\u201eSzolg\u00e1ltat\u00e1s\u201d). Az Orynycz.com tulajdonosa \u00e9s \u00fczemeltet\u0151je Petro Orynycz (\u201emi\u201d). A Szolg\u00e1ltat\u00e1s el\u00e9r\u00e9s\u00e9vel vagy haszn\u00e1lat\u00e1val \u00d6n elfogadja, hogy k\u00f6telez\u0151 \u00e9rv\u00e9ny\u0171ek \u00d6nre n\u00e9zve ezek a Felt\u00e9telek. Ha nem \u00e9rt egyet a Felt\u00e9telek b\u00e1rmely r\u00e9sz\u00e9vel, akkor [&hellip;]\" \/>\n<meta property=\"og:url\" content=\"https:\/\/www.orynycz.com\/hu\/szabalyzatok\/feltetelek\/\" \/>\n<meta property=\"og:site_name\" content=\"Orynycz Petro\" \/>\n<meta property=\"article:publisher\" content=\"https:\/\/www.facebook.com\/orynycz\" \/>\n<meta property=\"article:modified_time\" content=\"2026-03-25T07:33:01+00:00\" \/>\n<meta name=\"twitter:card\" content=\"summary_large_image\" \/>\n<meta name=\"twitter:label1\" content=\"Becs\u00fclt olvas\u00e1si id\u0151\" \/>\n\t<meta name=\"twitter:data1\" content=\"9 perc\" \/>\n<script type=\"application\/ld+json\" class=\"yoast-schema-graph\">{\"@context\":\"https:\\\/\\\/schema.org\",\"@graph\":[{\"@type\":\"WebPage\",\"@id\":\"https:\\\/\\\/www.orynycz.com\\\/hu\\\/szabalyzatok\\\/feltetelek\\\/\",\"url\":\"https:\\\/\\\/www.orynycz.com\\\/hu\\\/szabalyzatok\\\/feltetelek\\\/\",\"name\":\"Felhaszn\u00e1l\u00e1si felt\u00e9telek | Orynycz Petro\",\"isPartOf\":{\"@id\":\"https:\\\/\\\/www.orynycz.com\\\/hu\\\/#website\"},\"datePublished\":\"2025-07-07T19:52:34+00:00\",\"dateModified\":\"2026-03-25T07:33:01+00:00\",\"breadcrumb\":{\"@id\":\"https:\\\/\\\/www.orynycz.com\\\/hu\\\/szabalyzatok\\\/feltetelek\\\/#breadcrumb\"},\"inLanguage\":\"hu-HU\",\"potentialAction\":[{\"@type\":\"ReadAction\",\"target\":[\"https:\\\/\\\/www.orynycz.com\\\/hu\\\/szabalyzatok\\\/feltetelek\\\/\"]}],\"accessibilityFeature\":[\"tableOfContents\"]},{\"@type\":\"BreadcrumbList\",\"@id\":\"https:\\\/\\\/www.orynycz.com\\\/hu\\\/szabalyzatok\\\/feltetelek\\\/#breadcrumb\",\"itemListElement\":[{\"@type\":\"ListItem\",\"position\":1,\"name\":\"Kezd\u0151lap\",\"item\":\"https:\\\/\\\/www.orynycz.com\\\/hu\\\/\"},{\"@type\":\"ListItem\",\"position\":2,\"name\":\"Szab\u00e1lyzatok\",\"item\":\"https:\\\/\\\/www.orynycz.com\\\/hu\\\/szabalyzatok\\\/\"},{\"@type\":\"ListItem\",\"position\":3,\"name\":\"Felt\u00e9telek\"}]},{\"@type\":\"WebSite\",\"@id\":\"https:\\\/\\\/www.orynycz.com\\\/hu\\\/#website\",\"url\":\"https:\\\/\\\/www.orynycz.com\\\/hu\\\/\",\"name\":\"Orynycz.com\",\"description\":\"Tud\u00f3s. MI m\u00e9rn\u00f6k. Nyelv\u00e9sz.\",\"publisher\":{\"@id\":\"https:\\\/\\\/www.orynycz.com\\\/#organization\"},\"alternateName\":\"\u041e\u0440\u0438\u043d\u0438\u0447.com\",\"potentialAction\":[{\"@type\":\"SearchAction\",\"target\":{\"@type\":\"EntryPoint\",\"urlTemplate\":\"https:\\\/\\\/www.orynycz.com\\\/hu\\\/?s={search_term_string}\"},\"query-input\":{\"@type\":\"PropertyValueSpecification\",\"valueRequired\":true,\"valueName\":\"search_term_string\"}}],\"inLanguage\":\"hu-HU\"},{\"@type\":\"Organization\",\"@id\":\"https:\\\/\\\/www.orynycz.com\\\/#organization\",\"name\":\"orynycz.com\",\"alternateName\":\"\u041e\u0440\u0438\u043d\u0438\u0447.com\",\"url\":\"https:\\\/\\\/www.orynycz.com\\\/hu\\\/\",\"logo\":{\"@type\":\"ImageObject\",\"inLanguage\":\"hu-HU\",\"@id\":\"https:\\\/\\\/www.orynycz.com\\\/hu\\\/#\\\/schema\\\/logo\\\/image\\\/\",\"url\":\"https:\\\/\\\/www.orynycz.com\\\/wp-content\\\/uploads\\\/2025\\\/12\\\/logo-1.jpg\",\"contentUrl\":\"https:\\\/\\\/www.orynycz.com\\\/wp-content\\\/uploads\\\/2025\\\/12\\\/logo-1.jpg\",\"width\":512,\"height\":512,\"caption\":\"orynycz.com\"},\"image\":{\"@id\":\"https:\\\/\\\/www.orynycz.com\\\/hu\\\/#\\\/schema\\\/logo\\\/image\\\/\"},\"sameAs\":[\"https:\\\/\\\/www.facebook.com\\\/orynycz\"],\"publishingPrinciples\":\"https:\\\/\\\/www.orynycz.com\\\/hu\\\/szabalyzatok\\\/\",\"ownershipFundingInfo\":\"https:\\\/\\\/www.orynycz.com\\\/hu\\\/szabalyzatok\\\/\",\"actionableFeedbackPolicy\":\"https:\\\/\\\/www.orynycz.com\\\/hu\\\/szabalyzatok\\\/\",\"correctionsPolicy\":\"https:\\\/\\\/www.orynycz.com\\\/hu\\\/szabalyzatok\\\/\",\"ethicsPolicy\":\"https:\\\/\\\/www.orynycz.com\\\/hu\\\/szabalyzatok\\\/\",\"diversityPolicy\":\"https:\\\/\\\/www.orynycz.com\\\/hu\\\/szabalyzatok\\\/\",\"diversityStaffingReport\":\"https:\\\/\\\/www.orynycz.com\\\/hu\\\/szabalyzatok\\\/\"}]}<\/script>\n<!-- \/ Yoast SEO Premium plugin. -->","yoast_head_json":{"title":"Felhaszn\u00e1l\u00e1si felt\u00e9telek | Orynycz Petro","robots":{"index":"index","follow":"follow","max-snippet":"max-snippet:-1","max-image-preview":"max-image-preview:large","max-video-preview":"max-video-preview:-1"},"canonical":"https:\/\/www.orynycz.com\/hu\/szabalyzatok\/feltetelek\/","og_locale":"hu_HU","og_type":"article","og_title":"Felhaszn\u00e1l\u00e1si felt\u00e9telek","og_description":"Utolj\u00e1ra friss\u00edtve: 2026. febru\u00e1r 6. K\u00e9rj\u00fck, figyelmesen olvassa el ezeket a Felhaszn\u00e1l\u00e1si Felt\u00e9teleket (\u201eFelt\u00e9telek\u201d), miel\u0151tt haszn\u00e1ln\u00e1 az Orynycz.com weboldalt a https:\/\/www.orynycz.com c\u00edmen (\u201eSzolg\u00e1ltat\u00e1s\u201d). Az Orynycz.com tulajdonosa \u00e9s \u00fczemeltet\u0151je Petro Orynycz (\u201emi\u201d). A Szolg\u00e1ltat\u00e1s el\u00e9r\u00e9s\u00e9vel vagy haszn\u00e1lat\u00e1val \u00d6n elfogadja, hogy k\u00f6telez\u0151 \u00e9rv\u00e9ny\u0171ek \u00d6nre n\u00e9zve ezek a Felt\u00e9telek. Ha nem \u00e9rt egyet a Felt\u00e9telek b\u00e1rmely r\u00e9sz\u00e9vel, akkor [&hellip;]","og_url":"https:\/\/www.orynycz.com\/hu\/szabalyzatok\/feltetelek\/","og_site_name":"Orynycz Petro","article_publisher":"https:\/\/www.facebook.com\/orynycz","article_modified_time":"2026-03-25T07:33:01+00:00","twitter_card":"summary_large_image","twitter_misc":{"Becs\u00fclt olvas\u00e1si id\u0151":"9 perc"},"schema":{"@context":"https:\/\/schema.org","@graph":[{"@type":"WebPage","@id":"https:\/\/www.orynycz.com\/hu\/szabalyzatok\/feltetelek\/","url":"https:\/\/www.orynycz.com\/hu\/szabalyzatok\/feltetelek\/","name":"Felhaszn\u00e1l\u00e1si felt\u00e9telek | Orynycz Petro","isPartOf":{"@id":"https:\/\/www.orynycz.com\/hu\/#website"},"datePublished":"2025-07-07T19:52:34+00:00","dateModified":"2026-03-25T07:33:01+00:00","breadcrumb":{"@id":"https:\/\/www.orynycz.com\/hu\/szabalyzatok\/feltetelek\/#breadcrumb"},"inLanguage":"hu-HU","potentialAction":[{"@type":"ReadAction","target":["https:\/\/www.orynycz.com\/hu\/szabalyzatok\/feltetelek\/"]}],"accessibilityFeature":["tableOfContents"]},{"@type":"BreadcrumbList","@id":"https:\/\/www.orynycz.com\/hu\/szabalyzatok\/feltetelek\/#breadcrumb","itemListElement":[{"@type":"ListItem","position":1,"name":"Kezd\u0151lap","item":"https:\/\/www.orynycz.com\/hu\/"},{"@type":"ListItem","position":2,"name":"Szab\u00e1lyzatok","item":"https:\/\/www.orynycz.com\/hu\/szabalyzatok\/"},{"@type":"ListItem","position":3,"name":"Felt\u00e9telek"}]},{"@type":"WebSite","@id":"https:\/\/www.orynycz.com\/hu\/#website","url":"https:\/\/www.orynycz.com\/hu\/","name":"Orynycz.com","description":"Tud\u00f3s. MI m\u00e9rn\u00f6k. Nyelv\u00e9sz.","publisher":{"@id":"https:\/\/www.orynycz.com\/#organization"},"alternateName":"\u041e\u0440\u0438\u043d\u0438\u0447.com","potentialAction":[{"@type":"SearchAction","target":{"@type":"EntryPoint","urlTemplate":"https:\/\/www.orynycz.com\/hu\/?s={search_term_string}"},"query-input":{"@type":"PropertyValueSpecification","valueRequired":true,"valueName":"search_term_string"}}],"inLanguage":"hu-HU"},{"@type":"Organization","@id":"https:\/\/www.orynycz.com\/#organization","name":"orynycz.com","alternateName":"\u041e\u0440\u0438\u043d\u0438\u0447.com","url":"https:\/\/www.orynycz.com\/hu\/","logo":{"@type":"ImageObject","inLanguage":"hu-HU","@id":"https:\/\/www.orynycz.com\/hu\/#\/schema\/logo\/image\/","url":"https:\/\/www.orynycz.com\/wp-content\/uploads\/2025\/12\/logo-1.jpg","contentUrl":"https:\/\/www.orynycz.com\/wp-content\/uploads\/2025\/12\/logo-1.jpg","width":512,"height":512,"caption":"orynycz.com"},"image":{"@id":"https:\/\/www.orynycz.com\/hu\/#\/schema\/logo\/image\/"},"sameAs":["https:\/\/www.facebook.com\/orynycz"],"publishingPrinciples":"https:\/\/www.orynycz.com\/hu\/szabalyzatok\/","ownershipFundingInfo":"https:\/\/www.orynycz.com\/hu\/szabalyzatok\/","actionableFeedbackPolicy":"https:\/\/www.orynycz.com\/hu\/szabalyzatok\/","correctionsPolicy":"https:\/\/www.orynycz.com\/hu\/szabalyzatok\/","ethicsPolicy":"https:\/\/www.orynycz.com\/hu\/szabalyzatok\/","diversityPolicy":"https:\/\/www.orynycz.com\/hu\/szabalyzatok\/","diversityStaffingReport":"https:\/\/www.orynycz.com\/hu\/szabalyzatok\/"}]}},"_links":{"self":[{"href":"https:\/\/www.orynycz.com\/hu\/wp-json\/wp\/v2\/pages\/8453","targetHints":{"allow":["GET"]}}],"collection":[{"href":"https:\/\/www.orynycz.com\/hu\/wp-json\/wp\/v2\/pages"}],"about":[{"href":"https:\/\/www.orynycz.com\/hu\/wp-json\/wp\/v2\/types\/page"}],"author":[{"embeddable":true,"href":"https:\/\/www.orynycz.com\/hu\/wp-json\/wp\/v2\/users\/2"}],"replies":[{"embeddable":true,"href":"https:\/\/www.orynycz.com\/hu\/wp-json\/wp\/v2\/comments?post=8453"}],"version-history":[{"count":13,"href":"https:\/\/www.orynycz.com\/hu\/wp-json\/wp\/v2\/pages\/8453\/revisions"}],"predecessor-version":[{"id":13512,"href":"https:\/\/www.orynycz.com\/hu\/wp-json\/wp\/v2\/pages\/8453\/revisions\/13512"}],"up":[{"embeddable":true,"href":"https:\/\/www.orynycz.com\/hu\/wp-json\/wp\/v2\/pages\/10236"}],"wp:attachment":[{"href":"https:\/\/www.orynycz.com\/hu\/wp-json\/wp\/v2\/media?parent=8453"}],"curies":[{"name":"wp","href":"https:\/\/api.w.org\/{rel}","templated":true}]}}