{"id":10252,"date":"2025-12-07T16:42:11","date_gmt":"2025-12-07T16:42:11","guid":{"rendered":"https:\/\/www.orynycz.com\/adatvedelmi-iranyelvek\/"},"modified":"2026-03-25T07:29:38","modified_gmt":"2026-03-25T07:29:38","slug":"adatvedelem","status":"publish","type":"page","link":"https:\/\/www.orynycz.com\/hu\/szabalyzatok\/adatvedelem\/","title":{"rendered":"Adatv\u00e9delmi ir\u00e1nyelvek"},"content":{"rendered":"\n<p>Az Orynycz.com (a tov\u00e1bbiakban: \u201emi\u201d) \u00fczemelteti az Orynycz.com weboldalt (a \u201eSzolg\u00e1ltat\u00e1s\u201d).<\/p>\n\n<p>Ez az oldal t\u00e1j\u00e9koztatja \u00d6nt a Szem\u00e9lyes Adatok gy\u0171jt\u00e9s\u00e9re, felhaszn\u00e1l\u00e1s\u00e1ra \u00e9s nyilv\u00e1noss\u00e1gra hozatal\u00e1ra vonatkoz\u00f3 ir\u00e1nyelveinkr\u0151l, amikor ig\u00e9nybe veszi Szolg\u00e1ltat\u00e1sunkat.<\/p>\n\n<p>Nem fogjuk felhaszn\u00e1lni vagy megosztani az \u00d6n adatait senkivel, kiv\u00e9ve az ebben az Adatv\u00e9delmi Szab\u00e1lyzatban le\u00edrt eseteket.<\/p>\n\n<p>Szem\u00e9lyes Adatait a Szolg\u00e1ltat\u00e1s ny\u00fajt\u00e1s\u00e1ra \u00e9s fejleszt\u00e9s\u00e9re haszn\u00e1ljuk fel. A Szolg\u00e1ltat\u00e1s haszn\u00e1lat\u00e1val \u00d6n elfogadja az adatok gy\u0171jt\u00e9s\u00e9t \u00e9s felhaszn\u00e1l\u00e1s\u00e1t ezen szab\u00e1lyzatnak megfelel\u0151en. Amennyiben jelen Adatv\u00e9delmi Szab\u00e1lyzat m\u00e1sk\u00e9nt nem rendelkezik, a benne haszn\u00e1lt kifejez\u00e9sek jelent\u00e9se megegyezik az \u00c1ltal\u00e1nos Szerz\u0151d\u00e9si Felt\u00e9teleinkben foglaltakkal, amelyek a https:\/\/www.orynycz.com c\u00edmen \u00e9rhet\u0151k el.  <\/p>\n\n<div class=\"wp-block-yoast-seo-table-of-contents yoast-table-of-contents\"><h2>Tartalomjegyz\u00e9k<\/h2><ul><li><a href=\"#h-account-compliance-and-fraud-prevention-checks\" data-level=\"2\">Fi\u00f3k-, megfelel\u0151s\u00e9gi \u00e9s csal\u00e1smegel\u0151z\u00e9si ellen\u0151rz\u00e9sek<\/a><\/li><li><a href=\"#h-data-retention\" data-level=\"2\">Adatmeg\u0151rz\u00e9s<\/a><\/li><li><a href=\"#h-information-collection-and-use\" data-level=\"2\">Adatgy\u0171jt\u00e9s \u00e9s Felhaszn\u00e1l\u00e1s<\/a><\/li><li><a href=\"#h-log-data\" data-level=\"2\">Napl\u00f3adatok<\/a><\/li><li><a href=\"#h-cookies\" data-level=\"2\">S\u00fctik<\/a><\/li><li><a href=\"#h-service-providers\" data-level=\"2\">Szolg\u00e1ltat\u00f3k<\/a><\/li><li><a href=\"#h-security\" data-level=\"2\">Biztons\u00e1g<\/a><\/li><li><a href=\"#h-links-to-other-sites\" data-level=\"2\">Hivatkoz\u00e1sok m\u00e1s webhelyekre<\/a><\/li><li><a href=\"#h-children-s-privacy\" data-level=\"2\">Gyermekek adatv\u00e9delme<\/a><\/li><li><a href=\"#h-compliance-with-laws\" data-level=\"2\">Jogszab\u00e1lyoknak val\u00f3 megfelel\u00e9s<\/a><\/li><li><a href=\"#h-changes-to-this-privacy-policy\" data-level=\"2\">Az Adatv\u00e9delmi Szab\u00e1lyzat m\u00f3dos\u00edt\u00e1sai<\/a><\/li><li><a href=\"#h-contact-us\" data-level=\"2\">Kapcsolat<\/a><\/li><\/ul><\/div>\n\n<h2 class=\"wp-block-heading\" id=\"h-account-compliance-and-fraud-prevention-checks\">Fi\u00f3k-, megfelel\u0151s\u00e9gi \u00e9s csal\u00e1smegel\u0151z\u00e9si ellen\u0151rz\u00e9sek<\/h2>\n\n<p>Ha fi\u00f3kot hozol l\u00e9tre, fizet\u0151s funkci\u00f3t v\u00e1s\u00e1rolsz, vagy hozz\u00e1f\u00e9rsz a Szolg\u00e1ltat\u00e1s bizonyos r\u00e9szeihez, gy\u0171jthet\u00fcnk \u00e9s felhaszn\u00e1lhatunk fi\u00f3k- \u00e9s tranzakci\u00f3s inform\u00e1ci\u00f3kat, mint p\u00e9ld\u00e1ul a neved, e-mail c\u00edmed, profilinform\u00e1ci\u00f3id, igazol\u00e1si v\u00e1laszaid \u00e9s korl\u00e1tozott technikai adatok. Ezeket az inform\u00e1ci\u00f3kat felhaszn\u00e1lhatjuk a Szolg\u00e1ltat\u00e1s ny\u00fajt\u00e1s\u00e1ra, a fi\u00f3kok biztons\u00e1g\u00e1nak meg\u0151rz\u00e9s\u00e9re, a csal\u00e1s \u00e9s vissza\u00e9l\u00e9sek megel\u0151z\u00e9s\u00e9re, a fizet\u00e9sek feldolgoz\u00e1s\u00e1ra, ir\u00e1nyelveink \u00e9rv\u00e9nyes\u00edt\u00e9s\u00e9re \u00e9s a jogi k\u00f6telezetts\u00e9gek teljes\u00edt\u00e9s\u00e9re. <\/p>\n\n<p>Korl\u00e1tozott regisztr\u00e1ci\u00f3s vagy tranzakci\u00f3s inform\u00e1ci\u00f3kat ellen\u0151rizhet\u00fcnk hivatalos szankci\u00f3s vagy korl\u00e1tozott f\u00e9l forr\u00e1sokb\u00f3l megfelel\u0151s\u00e9gi, csal\u00e1smegel\u0151z\u00e9si \u00e9s fi\u00f3kbiztons\u00e1gi c\u00e9lokb\u00f3l. Minim\u00e1lis nyilv\u00e1ntart\u00e1st vezet\u00fcnk ezekr\u0151l az ellen\u0151rz\u00e9sekr\u0151l \u00e9s a kapcsol\u00f3d\u00f3 d\u00f6nt\u00e9sekr\u0151l az elsz\u00e1moltathat\u00f3s\u00e1g \u00e9s a megfelel\u0151s\u00e9g \u00e9rdek\u00e9ben. Alap\u00e9rtelmez\u00e9s szerint nem t\u00e1roljuk a teljes nyers sz\u0171r\u00e9si v\u00e1laszokat.  <\/p>\n\n<p>Adott esetben olyan jogszer\u0171 alapokra t\u00e1maszkodunk, mint a szerz\u0151d\u00e9s teljes\u00edt\u00e9se, a jogos \u00e9rdekek \u00e9s a jogi k\u00f6telezetts\u00e9gek teljes\u00edt\u00e9se. Jogos \u00e9rdekeink k\u00f6z\u00e9 tartozik a Szolg\u00e1ltat\u00e1s biztons\u00e1g\u00e1nak meg\u0151rz\u00e9se, a csal\u00e1s \u00e9s vissza\u00e9l\u00e9sek megel\u0151z\u00e9se, a Felhaszn\u00e1l\u00e1si felt\u00e9teleink \u00e9rv\u00e9nyes\u00edt\u00e9se, valamint a szankci\u00f3k \u00e9s egy\u00e9b jogi k\u00f6vetelm\u00e9nyek betart\u00e1sa. <\/p>\n\n<h2 class=\"wp-block-heading\" id=\"h-data-retention\">Adatmeg\u0151rz\u00e9s<\/h2>\n\n<p>Szem\u00e9lyes adatokat csak addig \u0151rz\u00fcnk meg, ameddig \u00e9sszer\u0171en sz\u00fcks\u00e9ges az Adatv\u00e9delmi ir\u00e1nyelvekben le\u00edrt c\u00e9lokhoz, bele\u00e9rtve a biztons\u00e1got, a csal\u00e1smegel\u0151z\u00e9st, a jogi megfelel\u0151s\u00e9get, a vitarendez\u00e9st \u00e9s a meg\u00e1llapod\u00e1saink \u00e9rv\u00e9nyes\u00edt\u00e9s\u00e9t. Bizonyos megfelel\u0151s\u00e9gi nyilv\u00e1ntart\u00e1sokat hosszabb ideig is meg\u0151rizhet\u00fcnk, ha azt a t\u00f6rv\u00e9ny el\u0151\u00edrja vagy indokolja. Az OFAC nyilv\u00e1ntart\u00e1si szab\u00e1lyai el\u0151\u00edrhatj\u00e1k, hogy a fedezett tranzakci\u00f3kr\u00f3l teljes \u00e9s pontos nyilv\u00e1ntart\u00e1st kell vezetni legal\u00e1bb 10 \u00e9vig.  <\/p>\n\n<h2 class=\"wp-block-heading\" id=\"h-information-collection-and-use\">Adatgy\u0171jt\u00e9s \u00e9s Felhaszn\u00e1l\u00e1s<\/h2>\n\n<p>Szolg\u00e1ltat\u00e1sunk haszn\u00e1lata sor\u00e1n k\u00e9rhetj\u00fck \u00d6nt, hogy adjon meg sz\u00e1munkra bizonyos szem\u00e9lyazonos\u00edt\u00e1sra alkalmas adatokat, amelyek felhaszn\u00e1lhat\u00f3k az \u00d6nnel val\u00f3 kapcsolatfelv\u00e9telre vagy az \u00d6n azonos\u00edt\u00e1s\u00e1ra. A szem\u00e9lyazonos\u00edt\u00e1sra alkalmas adatok (\u201eSzem\u00e9lyes Adatok\u201d) tartalmazhatnak, de nem korl\u00e1toz\u00f3dnak a k\u00f6vetkez\u0151kre: <\/p>\n\n<h2 class=\"wp-block-heading\" id=\"h-log-data\">Napl\u00f3adatok<\/h2>\n\n<p>Gy\u0171jtj\u00fck azokat az inform\u00e1ci\u00f3kat, amelyeket b\u00f6ng\u00e9sz\u0151je k\u00fcld, amikor megl\u00e1togatja Szolg\u00e1ltat\u00e1sunkat (\u201eNapl\u00f3adatok\u201d). Ezek a Napl\u00f3adatok tartalmazhatnak olyan inform\u00e1ci\u00f3kat, mint p\u00e9ld\u00e1ul sz\u00e1m\u00edt\u00f3g\u00e9pe internetprotokoll (\u201eIP\u201d) c\u00edme, b\u00f6ng\u00e9sz\u0151 t\u00edpusa, b\u00f6ng\u00e9sz\u0151 verzi\u00f3ja, Szolg\u00e1ltat\u00e1sunk azon oldalai, amelyeket megl\u00e1togat, l\u00e1togat\u00e1s\u00e1nak id\u0151pontja \u00e9s d\u00e1tuma, az oldalakon elt\u00f6lt\u00f6tt id\u0151 \u00e9s egy\u00e9b statisztik\u00e1k. <\/p>\n\n<h2 class=\"wp-block-heading\" id=\"h-cookies\">S\u00fctik<\/h2>\n\n<p>A s\u00fctik kis mennyis\u00e9g\u0171 adatot tartalmaz\u00f3 f\u00e1jlok, amelyek tartalmazhatnak egy anonim egyedi azonos\u00edt\u00f3t. A s\u00fctiket egy weboldalr\u00f3l k\u00fcldik a b\u00f6ng\u00e9sz\u0151j\u00e9be, \u00e9s a sz\u00e1m\u00edt\u00f3g\u00e9pe merevlemez\u00e9n t\u00e1rol\u00f3dnak. <\/p>\n\n<p>\u201eS\u00fctiket\u201d haszn\u00e1lunk inform\u00e1ci\u00f3gy\u0171jt\u00e9sre. Be\u00e1ll\u00edthatja b\u00f6ng\u00e9sz\u0151j\u00e9t, hogy utas\u00edtsa el az \u00f6sszes s\u00fctit, vagy jelezze, ha s\u00fctit k\u00fcldenek. Azonban, ha nem fogadja el a s\u00fctiket, el\u0151fordulhat, hogy Szolg\u00e1ltat\u00e1sunk egyes r\u00e9szeit nem tudja haszn\u00e1lni.  <\/p>\n\n<h2 class=\"wp-block-heading\" id=\"h-service-providers\">Szolg\u00e1ltat\u00f3k<\/h2>\n\n<p>Harmadik f\u00e9l v\u00e1llalatokat \u00e9s mag\u00e1nszem\u00e9lyeket vehet\u00fcnk ig\u00e9nybe Szolg\u00e1ltat\u00e1sunk megk\u00f6nny\u00edt\u00e9s\u00e9re, nev\u00fcnkben t\u00f6rt\u00e9n\u0151 ny\u00fajt\u00e1s\u00e1ra, Szolg\u00e1ltat\u00e1ssal kapcsolatos szolg\u00e1ltat\u00e1sok elv\u00e9gz\u00e9s\u00e9re, vagy annak elemz\u00e9s\u00e9ben, hogy Szolg\u00e1ltat\u00e1sunkat hogyan haszn\u00e1lj\u00e1k.<\/p>\n\n<p>Ezek a harmadik felek hozz\u00e1f\u00e9rhetnek az \u00d6n Szem\u00e9lyes Adataihoz kiz\u00e1r\u00f3lag ezen feladatok nev\u00fcnkben t\u00f6rt\u00e9n\u0151 elv\u00e9gz\u00e9s\u00e9hez, \u00e9s k\u00f6telesek azt nem nyilv\u00e1noss\u00e1gra hozni vagy m\u00e1s c\u00e9lra felhaszn\u00e1lni.<\/p>\n\n<h2 class=\"wp-block-heading\" id=\"h-security\">Biztons\u00e1g<\/h2>\n\n<p>Szem\u00e9lyes Adatai biztons\u00e1ga fontos sz\u00e1munkra, azonban ne feledje, hogy az interneten kereszt\u00fcli adat\u00e1tvitel vagy az elektronikus t\u00e1rol\u00e1s egyetlen m\u00f3dszere sem 100%-ban biztons\u00e1gos. B\u00e1r igyeksz\u00fcnk kereskedelmileg elfogadhat\u00f3 eszk\u00f6z\u00f6ket alkalmazni Szem\u00e9lyes Adatai v\u00e9delm\u00e9re, abszol\u00fat biztons\u00e1g\u00e1t nem tudjuk garant\u00e1lni. <\/p>\n\n<h2 class=\"wp-block-heading\" id=\"h-links-to-other-sites\">Hivatkoz\u00e1sok m\u00e1s webhelyekre<\/h2>\n\n<p>Szolg\u00e1ltat\u00e1sunk tartalmazhat linkeket m\u00e1s webhelyekre, amelyeket nem mi \u00fczemeltet\u00fcnk. Ha r\u00e1kattint egy harmadik f\u00e9l linkj\u00e9re, \u00e1tir\u00e1ny\u00edt\u00e1sra ker\u00fcl az adott harmadik f\u00e9l webhely\u00e9re. Nyomat\u00e9kosan javasoljuk, hogy tekintse \u00e1t minden megl\u00e1togatott webhely adatv\u00e9delmi szab\u00e1lyzat\u00e1t.  <\/p>\n\n<p>Nincs ellen\u0151rz\u00e9s\u00fcnk, \u00e9s nem v\u00e1llalunk felel\u0151ss\u00e9get harmadik f\u00e9l webhelyeinek vagy szolg\u00e1ltat\u00e1sainak tartalm\u00e1\u00e9rt, adatv\u00e9delmi szab\u00e1lyzatai\u00e9rt vagy gyakorlat\u00e1\u00e9rt.<\/p>\n\n<h2 class=\"wp-block-heading\" id=\"h-children-s-privacy\">Gyermekek adatv\u00e9delme<\/h2>\n\n<p>Szolg\u00e1ltat\u00e1sunk nem sz\u00f3l 18 \u00e9ven aluliaknak (\u201eGyermekek\u201d).<\/p>\n\n<p>Tudatosan nem gy\u0171jt\u00fcnk szem\u00e9lyazonos\u00edt\u00e1sra alkalmas adatokat 18 \u00e9v alatti gyermekekt\u0151l. Ha \u00d6n sz\u00fcl\u0151 vagy gy\u00e1m, \u00e9s tudom\u00e1sa van arr\u00f3l, hogy gyermeke Szem\u00e9lyes Adatokat adott meg nek\u00fcnk, k\u00e9rj\u00fck, l\u00e9pjen kapcsolatba vel\u00fcnk. Ha felfedezz\u00fck, hogy egy 18 \u00e9v alatti gyermek Szem\u00e9lyes Adatokat adott meg nek\u00fcnk, azonnal t\u00f6r\u00f6lj\u00fck ezeket az inform\u00e1ci\u00f3kat szervereinkr\u0151l.  <\/p>\n\n<h2 class=\"wp-block-heading\" id=\"h-compliance-with-laws\">Jogszab\u00e1lyoknak val\u00f3 megfelel\u00e9s<\/h2>\n\n<p>Szem\u00e9lyes Adatait nyilv\u00e1noss\u00e1gra hozzuk, ha azt t\u00f6rv\u00e9ny vagy b\u00edr\u00f3s\u00e1gi v\u00e9gz\u00e9s el\u0151\u00edrja.<\/p>\n\n<h2 class=\"wp-block-heading\" id=\"h-changes-to-this-privacy-policy\">Az Adatv\u00e9delmi Szab\u00e1lyzat m\u00f3dos\u00edt\u00e1sai<\/h2>\n\n<p>Id\u0151r\u0151l id\u0151re friss\u00edthetj\u00fck Adatv\u00e9delmi Szab\u00e1lyzatunkat. Minden v\u00e1ltoz\u00e1sr\u00f3l \u00e9rtes\u00edtj\u00fck \u00d6nt az \u00faj Adatv\u00e9delmi Szab\u00e1lyzat ezen az oldalon t\u00f6rt\u00e9n\u0151 k\u00f6zz\u00e9t\u00e9tel\u00e9vel. <\/p>\n\n<p>Javasoljuk, hogy rendszeresen tekintse \u00e1t ezt az Adatv\u00e9delmi Szab\u00e1lyzatot a v\u00e1ltoz\u00e1sok\u00e9rt. Az Adatv\u00e9delmi Szab\u00e1lyzat m\u00f3dos\u00edt\u00e1sai az ezen az oldalon t\u00f6rt\u00e9n\u0151 k\u00f6zz\u00e9t\u00e9tel\u00fckkor l\u00e9pnek hat\u00e1lyba. <\/p>\n\n<h2 class=\"wp-block-heading\" id=\"h-contact-us\">Kapcsolat<\/h2>\n\n<p>Ha b\u00e1rmilyen k\u00e9rd\u00e9se van ezzel az Adatv\u00e9delmi Szab\u00e1lyzattal kapcsolatban, k\u00e9rj\u00fck, l\u00e9pjen kapcsolatba vel\u00fcnk.<\/p>\n","protected":false},"excerpt":{"rendered":"<p>Az Orynycz.com (a tov\u00e1bbiakban: \u201emi\u201d) \u00fczemelteti az Orynycz.com weboldalt (a \u201eSzolg\u00e1ltat\u00e1s\u201d). Ez az oldal t\u00e1j\u00e9koztatja \u00d6nt a Szem\u00e9lyes Adatok gy\u0171jt\u00e9s\u00e9re, felhaszn\u00e1l\u00e1s\u00e1ra \u00e9s nyilv\u00e1noss\u00e1gra hozatal\u00e1ra vonatkoz\u00f3 ir\u00e1nyelveinkr\u0151l, amikor ig\u00e9nybe veszi Szolg\u00e1ltat\u00e1sunkat. Nem fogjuk felhaszn\u00e1lni vagy megosztani az \u00d6n adatait senkivel, kiv\u00e9ve az ebben az Adatv\u00e9delmi Szab\u00e1lyzatban le\u00edrt eseteket. Szem\u00e9lyes Adatait a Szolg\u00e1ltat\u00e1s ny\u00fajt\u00e1s\u00e1ra \u00e9s fejleszt\u00e9s\u00e9re haszn\u00e1ljuk [&hellip;]<\/p>\n","protected":false},"author":2,"featured_media":0,"parent":10236,"menu_order":0,"comment_status":"closed","ping_status":"closed","template":"","meta":{"inline_featured_image":false,"footnotes":""},"class_list":["post-10252","page","type-page","status-publish","hentry"],"yoast_head":"<!-- This site is optimized with the Yoast SEO Premium plugin v27.3 (Yoast SEO v27.4) - https:\/\/yoast.com\/product\/yoast-seo-premium-wordpress\/ -->\n<title>Adatv\u00e9delmi ir\u00e1nyelvek | Orynycz Petro<\/title>\n<meta name=\"robots\" content=\"index, follow, max-snippet:-1, max-image-preview:large, max-video-preview:-1\" \/>\n<link rel=\"canonical\" href=\"https:\/\/www.orynycz.com\/hu\/szabalyzatok\/adatvedelem\/\" \/>\n<meta property=\"og:locale\" content=\"hu_HU\" \/>\n<meta property=\"og:type\" content=\"article\" \/>\n<meta property=\"og:title\" content=\"Adatv\u00e9delmi ir\u00e1nyelvek\" \/>\n<meta property=\"og:description\" content=\"Az Orynycz.com (a tov\u00e1bbiakban: \u201emi\u201d) \u00fczemelteti az Orynycz.com weboldalt (a \u201eSzolg\u00e1ltat\u00e1s\u201d). Ez az oldal t\u00e1j\u00e9koztatja \u00d6nt a Szem\u00e9lyes Adatok gy\u0171jt\u00e9s\u00e9re, felhaszn\u00e1l\u00e1s\u00e1ra \u00e9s nyilv\u00e1noss\u00e1gra hozatal\u00e1ra vonatkoz\u00f3 ir\u00e1nyelveinkr\u0151l, amikor ig\u00e9nybe veszi Szolg\u00e1ltat\u00e1sunkat. Nem fogjuk felhaszn\u00e1lni vagy megosztani az \u00d6n adatait senkivel, kiv\u00e9ve az ebben az Adatv\u00e9delmi Szab\u00e1lyzatban le\u00edrt eseteket. Szem\u00e9lyes Adatait a Szolg\u00e1ltat\u00e1s ny\u00fajt\u00e1s\u00e1ra \u00e9s fejleszt\u00e9s\u00e9re haszn\u00e1ljuk [&hellip;]\" \/>\n<meta property=\"og:url\" content=\"https:\/\/www.orynycz.com\/hu\/szabalyzatok\/adatvedelem\/\" \/>\n<meta property=\"og:site_name\" content=\"Orynycz Petro\" \/>\n<meta property=\"article:publisher\" content=\"https:\/\/www.facebook.com\/orynycz\" \/>\n<meta property=\"article:modified_time\" content=\"2026-03-25T07:29:38+00:00\" \/>\n<meta name=\"twitter:card\" content=\"summary_large_image\" \/>\n<meta name=\"twitter:label1\" content=\"Becs\u00fclt olvas\u00e1si id\u0151\" \/>\n\t<meta name=\"twitter:data1\" content=\"7 perc\" \/>\n<script type=\"application\/ld+json\" class=\"yoast-schema-graph\">{\"@context\":\"https:\\\/\\\/schema.org\",\"@graph\":[{\"@type\":\"WebPage\",\"@id\":\"https:\\\/\\\/www.orynycz.com\\\/hu\\\/szabalyzatok\\\/adatvedelem\\\/\",\"url\":\"https:\\\/\\\/www.orynycz.com\\\/hu\\\/szabalyzatok\\\/adatvedelem\\\/\",\"name\":\"Adatv\u00e9delmi ir\u00e1nyelvek | Orynycz Petro\",\"isPartOf\":{\"@id\":\"https:\\\/\\\/www.orynycz.com\\\/hu\\\/#website\"},\"datePublished\":\"2025-12-07T16:42:11+00:00\",\"dateModified\":\"2026-03-25T07:29:38+00:00\",\"breadcrumb\":{\"@id\":\"https:\\\/\\\/www.orynycz.com\\\/hu\\\/szabalyzatok\\\/adatvedelem\\\/#breadcrumb\"},\"inLanguage\":\"hu-HU\",\"potentialAction\":[{\"@type\":\"ReadAction\",\"target\":[\"https:\\\/\\\/www.orynycz.com\\\/hu\\\/szabalyzatok\\\/adatvedelem\\\/\"]}],\"accessibilityFeature\":[\"tableOfContents\"]},{\"@type\":\"BreadcrumbList\",\"@id\":\"https:\\\/\\\/www.orynycz.com\\\/hu\\\/szabalyzatok\\\/adatvedelem\\\/#breadcrumb\",\"itemListElement\":[{\"@type\":\"ListItem\",\"position\":1,\"name\":\"Kezd\u0151lap\",\"item\":\"https:\\\/\\\/www.orynycz.com\\\/hu\\\/\"},{\"@type\":\"ListItem\",\"position\":2,\"name\":\"Szab\u00e1lyzatok\",\"item\":\"https:\\\/\\\/www.orynycz.com\\\/hu\\\/szabalyzatok\\\/\"},{\"@type\":\"ListItem\",\"position\":3,\"name\":\"Adatv\u00e9delem\"}]},{\"@type\":\"WebSite\",\"@id\":\"https:\\\/\\\/www.orynycz.com\\\/hu\\\/#website\",\"url\":\"https:\\\/\\\/www.orynycz.com\\\/hu\\\/\",\"name\":\"Orynycz.com\",\"description\":\"Tud\u00f3s. MI m\u00e9rn\u00f6k. Nyelv\u00e9sz.\",\"publisher\":{\"@id\":\"https:\\\/\\\/www.orynycz.com\\\/#organization\"},\"alternateName\":\"\u041e\u0440\u0438\u043d\u0438\u0447.com\",\"potentialAction\":[{\"@type\":\"SearchAction\",\"target\":{\"@type\":\"EntryPoint\",\"urlTemplate\":\"https:\\\/\\\/www.orynycz.com\\\/hu\\\/?s={search_term_string}\"},\"query-input\":{\"@type\":\"PropertyValueSpecification\",\"valueRequired\":true,\"valueName\":\"search_term_string\"}}],\"inLanguage\":\"hu-HU\"},{\"@type\":\"Organization\",\"@id\":\"https:\\\/\\\/www.orynycz.com\\\/#organization\",\"name\":\"orynycz.com\",\"alternateName\":\"\u041e\u0440\u0438\u043d\u0438\u0447.com\",\"url\":\"https:\\\/\\\/www.orynycz.com\\\/hu\\\/\",\"logo\":{\"@type\":\"ImageObject\",\"inLanguage\":\"hu-HU\",\"@id\":\"https:\\\/\\\/www.orynycz.com\\\/hu\\\/#\\\/schema\\\/logo\\\/image\\\/\",\"url\":\"https:\\\/\\\/www.orynycz.com\\\/wp-content\\\/uploads\\\/2025\\\/12\\\/logo-1.jpg\",\"contentUrl\":\"https:\\\/\\\/www.orynycz.com\\\/wp-content\\\/uploads\\\/2025\\\/12\\\/logo-1.jpg\",\"width\":512,\"height\":512,\"caption\":\"orynycz.com\"},\"image\":{\"@id\":\"https:\\\/\\\/www.orynycz.com\\\/hu\\\/#\\\/schema\\\/logo\\\/image\\\/\"},\"sameAs\":[\"https:\\\/\\\/www.facebook.com\\\/orynycz\"],\"publishingPrinciples\":\"https:\\\/\\\/www.orynycz.com\\\/hu\\\/szabalyzatok\\\/\",\"ownershipFundingInfo\":\"https:\\\/\\\/www.orynycz.com\\\/hu\\\/szabalyzatok\\\/\",\"actionableFeedbackPolicy\":\"https:\\\/\\\/www.orynycz.com\\\/hu\\\/szabalyzatok\\\/\",\"correctionsPolicy\":\"https:\\\/\\\/www.orynycz.com\\\/hu\\\/szabalyzatok\\\/\",\"ethicsPolicy\":\"https:\\\/\\\/www.orynycz.com\\\/hu\\\/szabalyzatok\\\/\",\"diversityPolicy\":\"https:\\\/\\\/www.orynycz.com\\\/hu\\\/szabalyzatok\\\/\",\"diversityStaffingReport\":\"https:\\\/\\\/www.orynycz.com\\\/hu\\\/szabalyzatok\\\/\"}]}<\/script>\n<!-- \/ Yoast SEO Premium plugin. -->","yoast_head_json":{"title":"Adatv\u00e9delmi ir\u00e1nyelvek | Orynycz Petro","robots":{"index":"index","follow":"follow","max-snippet":"max-snippet:-1","max-image-preview":"max-image-preview:large","max-video-preview":"max-video-preview:-1"},"canonical":"https:\/\/www.orynycz.com\/hu\/szabalyzatok\/adatvedelem\/","og_locale":"hu_HU","og_type":"article","og_title":"Adatv\u00e9delmi ir\u00e1nyelvek","og_description":"Az Orynycz.com (a tov\u00e1bbiakban: \u201emi\u201d) \u00fczemelteti az Orynycz.com weboldalt (a \u201eSzolg\u00e1ltat\u00e1s\u201d). Ez az oldal t\u00e1j\u00e9koztatja \u00d6nt a Szem\u00e9lyes Adatok gy\u0171jt\u00e9s\u00e9re, felhaszn\u00e1l\u00e1s\u00e1ra \u00e9s nyilv\u00e1noss\u00e1gra hozatal\u00e1ra vonatkoz\u00f3 ir\u00e1nyelveinkr\u0151l, amikor ig\u00e9nybe veszi Szolg\u00e1ltat\u00e1sunkat. Nem fogjuk felhaszn\u00e1lni vagy megosztani az \u00d6n adatait senkivel, kiv\u00e9ve az ebben az Adatv\u00e9delmi Szab\u00e1lyzatban le\u00edrt eseteket. Szem\u00e9lyes Adatait a Szolg\u00e1ltat\u00e1s ny\u00fajt\u00e1s\u00e1ra \u00e9s fejleszt\u00e9s\u00e9re haszn\u00e1ljuk [&hellip;]","og_url":"https:\/\/www.orynycz.com\/hu\/szabalyzatok\/adatvedelem\/","og_site_name":"Orynycz Petro","article_publisher":"https:\/\/www.facebook.com\/orynycz","article_modified_time":"2026-03-25T07:29:38+00:00","twitter_card":"summary_large_image","twitter_misc":{"Becs\u00fclt olvas\u00e1si id\u0151":"7 perc"},"schema":{"@context":"https:\/\/schema.org","@graph":[{"@type":"WebPage","@id":"https:\/\/www.orynycz.com\/hu\/szabalyzatok\/adatvedelem\/","url":"https:\/\/www.orynycz.com\/hu\/szabalyzatok\/adatvedelem\/","name":"Adatv\u00e9delmi ir\u00e1nyelvek | Orynycz Petro","isPartOf":{"@id":"https:\/\/www.orynycz.com\/hu\/#website"},"datePublished":"2025-12-07T16:42:11+00:00","dateModified":"2026-03-25T07:29:38+00:00","breadcrumb":{"@id":"https:\/\/www.orynycz.com\/hu\/szabalyzatok\/adatvedelem\/#breadcrumb"},"inLanguage":"hu-HU","potentialAction":[{"@type":"ReadAction","target":["https:\/\/www.orynycz.com\/hu\/szabalyzatok\/adatvedelem\/"]}],"accessibilityFeature":["tableOfContents"]},{"@type":"BreadcrumbList","@id":"https:\/\/www.orynycz.com\/hu\/szabalyzatok\/adatvedelem\/#breadcrumb","itemListElement":[{"@type":"ListItem","position":1,"name":"Kezd\u0151lap","item":"https:\/\/www.orynycz.com\/hu\/"},{"@type":"ListItem","position":2,"name":"Szab\u00e1lyzatok","item":"https:\/\/www.orynycz.com\/hu\/szabalyzatok\/"},{"@type":"ListItem","position":3,"name":"Adatv\u00e9delem"}]},{"@type":"WebSite","@id":"https:\/\/www.orynycz.com\/hu\/#website","url":"https:\/\/www.orynycz.com\/hu\/","name":"Orynycz.com","description":"Tud\u00f3s. MI m\u00e9rn\u00f6k. Nyelv\u00e9sz.","publisher":{"@id":"https:\/\/www.orynycz.com\/#organization"},"alternateName":"\u041e\u0440\u0438\u043d\u0438\u0447.com","potentialAction":[{"@type":"SearchAction","target":{"@type":"EntryPoint","urlTemplate":"https:\/\/www.orynycz.com\/hu\/?s={search_term_string}"},"query-input":{"@type":"PropertyValueSpecification","valueRequired":true,"valueName":"search_term_string"}}],"inLanguage":"hu-HU"},{"@type":"Organization","@id":"https:\/\/www.orynycz.com\/#organization","name":"orynycz.com","alternateName":"\u041e\u0440\u0438\u043d\u0438\u0447.com","url":"https:\/\/www.orynycz.com\/hu\/","logo":{"@type":"ImageObject","inLanguage":"hu-HU","@id":"https:\/\/www.orynycz.com\/hu\/#\/schema\/logo\/image\/","url":"https:\/\/www.orynycz.com\/wp-content\/uploads\/2025\/12\/logo-1.jpg","contentUrl":"https:\/\/www.orynycz.com\/wp-content\/uploads\/2025\/12\/logo-1.jpg","width":512,"height":512,"caption":"orynycz.com"},"image":{"@id":"https:\/\/www.orynycz.com\/hu\/#\/schema\/logo\/image\/"},"sameAs":["https:\/\/www.facebook.com\/orynycz"],"publishingPrinciples":"https:\/\/www.orynycz.com\/hu\/szabalyzatok\/","ownershipFundingInfo":"https:\/\/www.orynycz.com\/hu\/szabalyzatok\/","actionableFeedbackPolicy":"https:\/\/www.orynycz.com\/hu\/szabalyzatok\/","correctionsPolicy":"https:\/\/www.orynycz.com\/hu\/szabalyzatok\/","ethicsPolicy":"https:\/\/www.orynycz.com\/hu\/szabalyzatok\/","diversityPolicy":"https:\/\/www.orynycz.com\/hu\/szabalyzatok\/","diversityStaffingReport":"https:\/\/www.orynycz.com\/hu\/szabalyzatok\/"}]}},"_links":{"self":[{"href":"https:\/\/www.orynycz.com\/hu\/wp-json\/wp\/v2\/pages\/10252","targetHints":{"allow":["GET"]}}],"collection":[{"href":"https:\/\/www.orynycz.com\/hu\/wp-json\/wp\/v2\/pages"}],"about":[{"href":"https:\/\/www.orynycz.com\/hu\/wp-json\/wp\/v2\/types\/page"}],"author":[{"embeddable":true,"href":"https:\/\/www.orynycz.com\/hu\/wp-json\/wp\/v2\/users\/2"}],"replies":[{"embeddable":true,"href":"https:\/\/www.orynycz.com\/hu\/wp-json\/wp\/v2\/comments?post=10252"}],"version-history":[{"count":4,"href":"https:\/\/www.orynycz.com\/hu\/wp-json\/wp\/v2\/pages\/10252\/revisions"}],"predecessor-version":[{"id":13505,"href":"https:\/\/www.orynycz.com\/hu\/wp-json\/wp\/v2\/pages\/10252\/revisions\/13505"}],"up":[{"embeddable":true,"href":"https:\/\/www.orynycz.com\/hu\/wp-json\/wp\/v2\/pages\/10236"}],"wp:attachment":[{"href":"https:\/\/www.orynycz.com\/hu\/wp-json\/wp\/v2\/media?parent=10252"}],"curies":[{"name":"wp","href":"https:\/\/api.w.org\/{rel}","templated":true}]}}